{"id":969,"date":"2025-04-22T16:30:33","date_gmt":"2025-04-22T14:30:33","guid":{"rendered":"https:\/\/tandem-vichy.com\/?page_id=969"},"modified":"2025-04-22T16:34:17","modified_gmt":"2025-04-22T14:34:17","slug":"organisations-syndicales","status":"publish","type":"page","link":"https:\/\/tandem-vichy.com\/index.php\/organisations-syndicales\/","title":{"rendered":"\u00a0Organisations syndicales\u00a0"},"content":{"rendered":"\t\t<div data-elementor-type=\"wp-page\" data-elementor-id=\"969\" class=\"elementor elementor-969\">\n\t\t\t\t\t\t<section class=\"elementor-section elementor-top-section elementor-element elementor-element-b1fd374 elementor-section-boxed elementor-section-height-default elementor-section-height-default\" data-id=\"b1fd374\" data-element_type=\"section\" data-e-type=\"section\">\n\t\t\t\t\t\t<div class=\"elementor-container elementor-column-gap-default\">\n\t\t\t\t\t<div class=\"elementor-column elementor-col-100 elementor-top-column elementor-element elementor-element-0f5a3a2\" data-id=\"0f5a3a2\" data-element_type=\"column\" data-e-type=\"column\">\n\t\t\t<div class=\"elementor-widget-wrap elementor-element-populated\">\n\t\t\t\t\t\t<div class=\"elementor-element elementor-element-d2ba142 elementor-widget elementor-widget-text-editor\" data-id=\"d2ba142\" data-element_type=\"widget\" data-e-type=\"widget\" data-widget_type=\"text-editor.default\">\n\t\t\t\t<div class=\"elementor-widget-container\">\n\t\t\t\t\t\t\t\t\t<p class=\"p3\"><b>CFDT <\/b><b><\/b><\/p><p class=\"p3\">La CFDT est une organisation syndicale repr\u00e9sentative des salari\u00e9s int\u00e9rimaires.<\/p><p><a href=\"https:\/\/www.cfdt.fr\/\">https:\/\/www.cfdt.fr\/<\/a><\/p><p class=\"p3\"><b>CFTC <\/b><b><\/b><\/p><p class=\"p3\">La CFTC est une organisation syndicale repr\u00e9sentative des salari\u00e9s int\u00e9rimaires.<\/p><p><a href=\"https:\/\/www.cftc.fr\/\">https:\/\/www.cftc.fr\/<\/a><\/p><p class=\"p3\"><b>FO <\/b><b><\/b><\/p><p class=\"p3\">Force Ouvri\u00e8re est une organisation syndicale repr\u00e9sentative des salari\u00e9s int\u00e9rimaires.<\/p><p><a href=\"https:\/\/www.force-ouvriere.fr\/\">https:\/\/www.force-ouvriere.fr\/<\/a><\/p><p class=\"p3\"><b>CFE-CGC <\/b><b><\/b><\/p><p class=\"p3\">La Conf\u00e9d\u00e9ration Fran\u00e7aise de l\u2019Encadrement CGC est une organisation syndicale repr\u00e9sentative des salari\u00e9s int\u00e9rimaires.<\/p><p><a href=\"https:\/\/www.cfecgc.org\/\">https:\/\/www.cfecgc.org\/<\/a><\/p><p class=\"p3\"><b>CGT <\/b><b><\/b><\/p><p class=\"p3\">La Conf\u00e9d\u00e9ration G\u00e9n\u00e9rale du Travail est une organisation syndicale repr\u00e9sentative des salari\u00e9s int\u00e9rimaires.<\/p><p><a href=\"https:\/\/www.cgt.fr\/\">https:\/\/www.cgt.fr\/<\/a><\/p><p class=\"p3\"><b>UNSA <\/b><b><\/b><\/p><p class=\"p3\">L\u2019UNSA est une organisation syndicale repr\u00e9sentative des salari\u00e9s int\u00e9rimaires.<\/p><p><a href=\"https:\/\/www.unsa.org\/\">https:\/\/www.unsa.org\/<\/a><\/p>\t\t\t\t\t\t\t\t<\/div>\n\t\t\t\t<\/div>\n\t\t\t\t\t<\/div>\n\t\t<\/div>\n\t\t\t\t\t<\/div>\n\t\t<\/section>\n\t\t\t\t<\/div>\n\t\t","protected":false},"excerpt":{"rendered":"<p>CFDT La CFDT est une organisation syndicale repr\u00e9sentative des salari\u00e9s int\u00e9rimaires. https:\/\/www.cfdt.fr\/ CFTC La CFTC est une organisation syndicale repr\u00e9sentative des salari\u00e9s int\u00e9rimaires. https:\/\/www.cftc.fr\/ FO Force Ouvri\u00e8re est une organisation syndicale repr\u00e9sentative des salari\u00e9s int\u00e9rimaires. https:\/\/www.force-ouvriere.fr\/ CFE-CGC La Conf\u00e9d\u00e9ration Fran\u00e7aise de l\u2019Encadrement CGC est une organisation syndicale repr\u00e9sentative des salari\u00e9s int\u00e9rimaires. https:\/\/www.cfecgc.org\/ CGT La Conf\u00e9d\u00e9ration [&hellip;]<\/p>\n","protected":false},"author":1,"featured_media":0,"parent":0,"menu_order":0,"comment_status":"closed","ping_status":"closed","template":"","meta":{"ocean_post_layout":"","ocean_both_sidebars_style":"","ocean_both_sidebars_content_width":0,"ocean_both_sidebars_sidebars_width":0,"ocean_sidebar":"","ocean_second_sidebar":"","ocean_disable_margins":"enable","ocean_add_body_class":"","ocean_shortcode_before_top_bar":"","ocean_shortcode_after_top_bar":"","ocean_shortcode_before_header":"","ocean_shortcode_after_header":"","ocean_has_shortcode":"","ocean_shortcode_after_title":"","ocean_shortcode_before_footer_widgets":"","ocean_shortcode_after_footer_widgets":"","ocean_shortcode_before_footer_bottom":"","ocean_shortcode_after_footer_bottom":"","ocean_display_top_bar":"default","ocean_display_header":"default","ocean_header_style":"","ocean_center_header_left_menu":"","ocean_custom_header_template":"","ocean_custom_logo":0,"ocean_custom_retina_logo":0,"ocean_custom_logo_max_width":0,"ocean_custom_logo_tablet_max_width":0,"ocean_custom_logo_mobile_max_width":0,"ocean_custom_logo_max_height":0,"ocean_custom_logo_tablet_max_height":0,"ocean_custom_logo_mobile_max_height":0,"ocean_header_custom_menu":"","ocean_menu_typo_font_family":"","ocean_menu_typo_font_subset":"","ocean_menu_typo_font_size":0,"ocean_menu_typo_font_size_tablet":0,"ocean_menu_typo_font_size_mobile":0,"ocean_menu_typo_font_size_unit":"px","ocean_menu_typo_font_weight":"","ocean_menu_typo_font_weight_tablet":"","ocean_menu_typo_font_weight_mobile":"","ocean_menu_typo_transform":"","ocean_menu_typo_transform_tablet":"","ocean_menu_typo_transform_mobile":"","ocean_menu_typo_line_height":0,"ocean_menu_typo_line_height_tablet":0,"ocean_menu_typo_line_height_mobile":0,"ocean_menu_typo_line_height_unit":"","ocean_menu_typo_spacing":0,"ocean_menu_typo_spacing_tablet":0,"ocean_menu_typo_spacing_mobile":0,"ocean_menu_typo_spacing_unit":"","ocean_menu_link_color":"","ocean_menu_link_color_hover":"","ocean_menu_link_color_active":"","ocean_menu_link_background":"","ocean_menu_link_hover_background":"","ocean_menu_link_active_background":"","ocean_menu_social_links_bg":"","ocean_menu_social_hover_links_bg":"","ocean_menu_social_links_color":"","ocean_menu_social_hover_links_color":"","ocean_disable_title":"default","ocean_disable_heading":"default","ocean_post_title":"","ocean_post_subheading":"","ocean_post_title_style":"","ocean_post_title_background_color":"","ocean_post_title_background":0,"ocean_post_title_bg_image_position":"","ocean_post_title_bg_image_attachment":"","ocean_post_title_bg_image_repeat":"","ocean_post_title_bg_image_size":"","ocean_post_title_height":0,"ocean_post_title_bg_overlay":0.5,"ocean_post_title_bg_overlay_color":"","ocean_disable_breadcrumbs":"default","ocean_breadcrumbs_color":"","ocean_breadcrumbs_separator_color":"","ocean_breadcrumbs_links_color":"","ocean_breadcrumbs_links_hover_color":"","ocean_display_footer_widgets":"default","ocean_display_footer_bottom":"default","ocean_custom_footer_template":"","footnotes":""},"class_list":["post-969","page","type-page","status-publish","hentry","entry"],"yoast_head":"<!-- This site is optimized with the Yoast SEO plugin v27.5 - https:\/\/yoast.com\/product\/yoast-seo-wordpress\/ -->\n<title>\u00a0Organisations syndicales\u00a0 - tande&#039;m<\/title>\n<meta name=\"robots\" content=\"index, follow, max-snippet:-1, max-image-preview:large, max-video-preview:-1\" \/>\n<link rel=\"canonical\" href=\"https:\/\/tandem-vichy.com\/index.php\/organisations-syndicales\/\" \/>\n<meta property=\"og:locale\" content=\"fr_FR\" \/>\n<meta property=\"og:type\" content=\"article\" \/>\n<meta property=\"og:title\" content=\"\u00a0Organisations syndicales\u00a0 - tande&#039;m\" \/>\n<meta property=\"og:description\" content=\"CFDT La CFDT est une organisation syndicale repr\u00e9sentative des salari\u00e9s int\u00e9rimaires. https:\/\/www.cfdt.fr\/ CFTC La CFTC est une organisation syndicale repr\u00e9sentative des salari\u00e9s int\u00e9rimaires. https:\/\/www.cftc.fr\/ FO Force Ouvri\u00e8re est une organisation syndicale repr\u00e9sentative des salari\u00e9s int\u00e9rimaires. https:\/\/www.force-ouvriere.fr\/ CFE-CGC La Conf\u00e9d\u00e9ration Fran\u00e7aise de l\u2019Encadrement CGC est une organisation syndicale repr\u00e9sentative des salari\u00e9s int\u00e9rimaires. https:\/\/www.cfecgc.org\/ CGT La Conf\u00e9d\u00e9ration [&hellip;]\" \/>\n<meta property=\"og:url\" content=\"https:\/\/tandem-vichy.com\/index.php\/organisations-syndicales\/\" \/>\n<meta property=\"og:site_name\" content=\"tande&#039;m\" \/>\n<meta property=\"article:publisher\" content=\"https:\/\/www.facebook.com\/tandemvichy\" \/>\n<meta property=\"article:modified_time\" content=\"2025-04-22T14:34:17+00:00\" \/>\n<meta name=\"twitter:card\" content=\"summary_large_image\" \/>\n<meta name=\"twitter:label1\" content=\"Dur\u00e9e de lecture estim\u00e9e\" \/>\n\t<meta name=\"twitter:data1\" content=\"1 minute\" \/>\n<script type=\"application\/ld+json\" class=\"yoast-schema-graph\">{\"@context\":\"https:\\\/\\\/schema.org\",\"@graph\":[{\"@type\":\"WebPage\",\"@id\":\"https:\\\/\\\/tandem-vichy.com\\\/index.php\\\/organisations-syndicales\\\/\",\"url\":\"https:\\\/\\\/tandem-vichy.com\\\/index.php\\\/organisations-syndicales\\\/\",\"name\":\"\u00a0Organisations syndicales\u00a0 - tande&#039;m\",\"isPartOf\":{\"@id\":\"https:\\\/\\\/tandem-vichy.com\\\/#website\"},\"datePublished\":\"2025-04-22T14:30:33+00:00\",\"dateModified\":\"2025-04-22T14:34:17+00:00\",\"breadcrumb\":{\"@id\":\"https:\\\/\\\/tandem-vichy.com\\\/index.php\\\/organisations-syndicales\\\/#breadcrumb\"},\"inLanguage\":\"fr-FR\",\"potentialAction\":[{\"@type\":\"ReadAction\",\"target\":[\"https:\\\/\\\/tandem-vichy.com\\\/index.php\\\/organisations-syndicales\\\/\"]}]},{\"@type\":\"BreadcrumbList\",\"@id\":\"https:\\\/\\\/tandem-vichy.com\\\/index.php\\\/organisations-syndicales\\\/#breadcrumb\",\"itemListElement\":[{\"@type\":\"ListItem\",\"position\":1,\"name\":\"Accueil\",\"item\":\"https:\\\/\\\/tandem-vichy.com\\\/\"},{\"@type\":\"ListItem\",\"position\":2,\"name\":\"\u00a0Organisations syndicales\u00a0\"}]},{\"@type\":\"WebSite\",\"@id\":\"https:\\\/\\\/tandem-vichy.com\\\/#website\",\"url\":\"https:\\\/\\\/tandem-vichy.com\\\/\",\"name\":\"tande'm\",\"description\":\"p\u00e9daler \u00e0 trois pour atteindre les sommets\",\"publisher\":{\"@id\":\"https:\\\/\\\/tandem-vichy.com\\\/#organization\"},\"potentialAction\":[{\"@type\":\"SearchAction\",\"target\":{\"@type\":\"EntryPoint\",\"urlTemplate\":\"https:\\\/\\\/tandem-vichy.com\\\/?s={search_term_string}\"},\"query-input\":{\"@type\":\"PropertyValueSpecification\",\"valueRequired\":true,\"valueName\":\"search_term_string\"}}],\"inLanguage\":\"fr-FR\"},{\"@type\":\"Organization\",\"@id\":\"https:\\\/\\\/tandem-vichy.com\\\/#organization\",\"name\":\"tande'm\",\"url\":\"https:\\\/\\\/tandem-vichy.com\\\/\",\"logo\":{\"@type\":\"ImageObject\",\"inLanguage\":\"fr-FR\",\"@id\":\"https:\\\/\\\/tandem-vichy.com\\\/#\\\/schema\\\/logo\\\/image\\\/\",\"url\":\"https:\\\/\\\/tandem-vichy.com\\\/wp-content\\\/uploads\\\/2023\\\/02\\\/logo-petit.jpg\",\"contentUrl\":\"https:\\\/\\\/tandem-vichy.com\\\/wp-content\\\/uploads\\\/2023\\\/02\\\/logo-petit.jpg\",\"width\":184,\"height\":73,\"caption\":\"tande'm\"},\"image\":{\"@id\":\"https:\\\/\\\/tandem-vichy.com\\\/#\\\/schema\\\/logo\\\/image\\\/\"},\"sameAs\":[\"https:\\\/\\\/www.facebook.com\\\/tandemvichy\",\"https:\\\/\\\/www.linkedin.com\\\/company\\\/tandemvichy\"]}]}<\/script>\n<!-- \/ Yoast SEO plugin. -->","yoast_head_json":{"title":"\u00a0Organisations syndicales\u00a0 - tande&#039;m","robots":{"index":"index","follow":"follow","max-snippet":"max-snippet:-1","max-image-preview":"max-image-preview:large","max-video-preview":"max-video-preview:-1"},"canonical":"https:\/\/tandem-vichy.com\/index.php\/organisations-syndicales\/","og_locale":"fr_FR","og_type":"article","og_title":"\u00a0Organisations syndicales\u00a0 - tande&#039;m","og_description":"CFDT La CFDT est une organisation syndicale repr\u00e9sentative des salari\u00e9s int\u00e9rimaires. https:\/\/www.cfdt.fr\/ CFTC La CFTC est une organisation syndicale repr\u00e9sentative des salari\u00e9s int\u00e9rimaires. https:\/\/www.cftc.fr\/ FO Force Ouvri\u00e8re est une organisation syndicale repr\u00e9sentative des salari\u00e9s int\u00e9rimaires. https:\/\/www.force-ouvriere.fr\/ CFE-CGC La Conf\u00e9d\u00e9ration Fran\u00e7aise de l\u2019Encadrement CGC est une organisation syndicale repr\u00e9sentative des salari\u00e9s int\u00e9rimaires. https:\/\/www.cfecgc.org\/ CGT La Conf\u00e9d\u00e9ration [&hellip;]","og_url":"https:\/\/tandem-vichy.com\/index.php\/organisations-syndicales\/","og_site_name":"tande&#039;m","article_publisher":"https:\/\/www.facebook.com\/tandemvichy","article_modified_time":"2025-04-22T14:34:17+00:00","twitter_card":"summary_large_image","twitter_misc":{"Dur\u00e9e de lecture estim\u00e9e":"1 minute"},"schema":{"@context":"https:\/\/schema.org","@graph":[{"@type":"WebPage","@id":"https:\/\/tandem-vichy.com\/index.php\/organisations-syndicales\/","url":"https:\/\/tandem-vichy.com\/index.php\/organisations-syndicales\/","name":"\u00a0Organisations syndicales\u00a0 - tande&#039;m","isPartOf":{"@id":"https:\/\/tandem-vichy.com\/#website"},"datePublished":"2025-04-22T14:30:33+00:00","dateModified":"2025-04-22T14:34:17+00:00","breadcrumb":{"@id":"https:\/\/tandem-vichy.com\/index.php\/organisations-syndicales\/#breadcrumb"},"inLanguage":"fr-FR","potentialAction":[{"@type":"ReadAction","target":["https:\/\/tandem-vichy.com\/index.php\/organisations-syndicales\/"]}]},{"@type":"BreadcrumbList","@id":"https:\/\/tandem-vichy.com\/index.php\/organisations-syndicales\/#breadcrumb","itemListElement":[{"@type":"ListItem","position":1,"name":"Accueil","item":"https:\/\/tandem-vichy.com\/"},{"@type":"ListItem","position":2,"name":"\u00a0Organisations syndicales\u00a0"}]},{"@type":"WebSite","@id":"https:\/\/tandem-vichy.com\/#website","url":"https:\/\/tandem-vichy.com\/","name":"tande'm","description":"p\u00e9daler \u00e0 trois pour atteindre les sommets","publisher":{"@id":"https:\/\/tandem-vichy.com\/#organization"},"potentialAction":[{"@type":"SearchAction","target":{"@type":"EntryPoint","urlTemplate":"https:\/\/tandem-vichy.com\/?s={search_term_string}"},"query-input":{"@type":"PropertyValueSpecification","valueRequired":true,"valueName":"search_term_string"}}],"inLanguage":"fr-FR"},{"@type":"Organization","@id":"https:\/\/tandem-vichy.com\/#organization","name":"tande'm","url":"https:\/\/tandem-vichy.com\/","logo":{"@type":"ImageObject","inLanguage":"fr-FR","@id":"https:\/\/tandem-vichy.com\/#\/schema\/logo\/image\/","url":"https:\/\/tandem-vichy.com\/wp-content\/uploads\/2023\/02\/logo-petit.jpg","contentUrl":"https:\/\/tandem-vichy.com\/wp-content\/uploads\/2023\/02\/logo-petit.jpg","width":184,"height":73,"caption":"tande'm"},"image":{"@id":"https:\/\/tandem-vichy.com\/#\/schema\/logo\/image\/"},"sameAs":["https:\/\/www.facebook.com\/tandemvichy","https:\/\/www.linkedin.com\/company\/tandemvichy"]}]}},"_links":{"self":[{"href":"https:\/\/tandem-vichy.com\/index.php\/wp-json\/wp\/v2\/pages\/969","targetHints":{"allow":["GET"]}}],"collection":[{"href":"https:\/\/tandem-vichy.com\/index.php\/wp-json\/wp\/v2\/pages"}],"about":[{"href":"https:\/\/tandem-vichy.com\/index.php\/wp-json\/wp\/v2\/types\/page"}],"author":[{"embeddable":true,"href":"https:\/\/tandem-vichy.com\/index.php\/wp-json\/wp\/v2\/users\/1"}],"replies":[{"embeddable":true,"href":"https:\/\/tandem-vichy.com\/index.php\/wp-json\/wp\/v2\/comments?post=969"}],"version-history":[{"count":4,"href":"https:\/\/tandem-vichy.com\/index.php\/wp-json\/wp\/v2\/pages\/969\/revisions"}],"predecessor-version":[{"id":974,"href":"https:\/\/tandem-vichy.com\/index.php\/wp-json\/wp\/v2\/pages\/969\/revisions\/974"}],"wp:attachment":[{"href":"https:\/\/tandem-vichy.com\/index.php\/wp-json\/wp\/v2\/media?parent=969"}],"curies":[{"name":"wp","href":"https:\/\/api.w.org\/{rel}","templated":true}]}}